{"id":5710,"date":"2023-06-26T17:13:59","date_gmt":"2023-06-26T17:13:59","guid":{"rendered":"http:\/\/sundalsryr.se\/?page_id=5710"},"modified":"2025-02-26T19:15:39","modified_gmt":"2025-02-26T19:15:39","slug":"fragor-och-svar","status":"publish","type":"page","link":"https:\/\/sundalsryr.se\/?page_id=5710","title":{"rendered":"Fr\u00e5gor och svar"},"content":{"rendered":"\n<h2 class=\"wp-block-heading\">Hur g\u00e5r man tillv\u00e4ga vid \u00e4garbyte av fastigheten?<\/h2>\n\n\n\n<p>S\u00e4ljare i samr\u00e5d med k\u00f6pare g\u00e5r in p\u00e5 fliken \u201c\u00c4garbyte\u201d och fyller i de uppgifter som vi i styrelsen beh\u00f6ver f\u00f6r att kunna \u00e4ndra kund.<\/p>\n\n\n\n<p><a data-type=\"page\" data-id=\"5702\" href=\"http:\/\/sundalsryr.se\/?page_id=5702\">L\u00e4nk till \u201c\u00c4garbyte\u201d<\/a><br>Fakturering till ny kund sker f\u00f6rst d\u00e5 s\u00e4ljaren av fastigheten meddelat och registreringen har skett i systemet. De fakturor som redan har g\u00e5tt ut till tidigare \u00e4gare hanteras mellan k\u00f6pare och s\u00e4ljare. Det skickas d\u00e4rav inte ut n\u00e5gon ny faktura. <\/p>\n\n\n\n<p><\/p>\n\n\n\n<p><\/p>\n\n\n\n<h2 class=\"wp-block-heading\">Vilka betalningsalternativ finns att v\u00e4lja mellan?<\/h2>\n\n\n\n<p>Brevfaktura\/Kivra (40kr)<\/p>\n\n\n\n<p>E-post<\/p>\n\n\n\n<p>E-faktura<\/p>\n\n\n\n<p>Autogiro<\/p>\n\n\n\n<p>Som kund kan man v\u00e4lja att betala m\u00e5nads- kvartal- eller \u00e5rsvis.<br>Vill du \u00e4ndra ditt fakturaval, v\u00e4nligen kontakta oss p\u00e5 v\u00e5r mail: <a href=\"mailto:sundalsryr.vattenbredband@gmail.com\">sundalsryr.vattenbredband@gmail.com<\/a><\/p>\n\n\n\n<p><\/p>\n\n\n\n<h2 class=\"wp-block-heading\">Hur g\u00e5r man tillv\u00e4ga om man vill ansluta sin fastighet till vatten eller fiber?<\/h2>\n\n\n\n<p>V\u00e5r f\u00f6rening \u00e4r en samf\u00e4llighetsf\u00f6rening, vilket inneb\u00e4r att det \u00e4r fastigheten som blir kund och inte du som person. <a href=\"https:\/\/www.verksamt.se\/starta\/valj-foretagsform\/samfallighetsforening?fbclid=IwAR0ogND65nlApGlC8mMNgleGvwLguXsim8wtNocLxz7htCLf1w1bn77tvq8\" data-type=\"URL\" data-id=\"https:\/\/www.verksamt.se\/starta\/valj-foretagsform\/samfallighetsforening?fbclid=IwAR0ogND65nlApGlC8mMNgleGvwLguXsim8wtNocLxz7htCLf1w1bn77tvq8\" target=\"_blank\" rel=\"noreferrer noopener\">H\u00e4r kan du l\u00e4sa mer om vad det inneb\u00e4r<\/a>.<\/p>\n\n\n\n<p>Om du \u00e4r intresserad av att ansluta din fastighet till vatten eller fiber, beh\u00f6ver du fylla i en intresseanm\u00e4lan. Det g\u00f6r du under fliken \u201cIntresseanm\u00e4lan\u201d.&nbsp;<\/p>\n\n\n\n<p>L\u00e4nk till <a href=\"http:\/\/sundalsryr.se\/?page_id=5704\" data-type=\"page\" data-id=\"5704\">\u201cIntresseanm\u00e4lan\u201d<\/a><\/p>\n\n\n\n<p>N\u00e4r du skickat in din intresseanm\u00e4lan kommer vi i styrelsen se \u00f6ver om det \u00e4r m\u00f6jligt att ansluta din fastighet. Vi \u00e5terkopplar sedan till dig.<\/p>\n\n\n\n<p><\/p>\n\n\n\n<h2 class=\"wp-block-heading\">Vad ing\u00e5r i fiberanslutningen?<\/h2>\n\n\n\n<p>100\/10 uppkoppling<\/p>\n\n\n\n<p>Telia tv-avtal lagom <a rel=\"noreferrer noopener\" href=\"https:\/\/www.telia.se\/produkt\/tv-paket-mellan\" target=\"_blank\">L\u00e4nk<\/a><\/p>\n\n\n\n<p>Hemtelefon<\/p>\n\n\n\n<p><\/p>\n\n\n\n<h2 class=\"wp-block-heading\">M\u00e5nadskostnad vatten och fiber?<\/h2>\n\n\n\n<p>Fiber: 534 kr (Telia 249kr N\u00e4tavgift f\u00f6reningen 285kr)<\/p>\n\n\n\n<p>Vatten: 100 kr n\u00e4tavgift f\u00f6reningen + f\u00f6rbrukning som regleras \u00e5rsvis.<\/p>\n\n\n\n<p><\/p>\n\n\n\n<h2 class=\"wp-block-heading\">Hur g\u00e5r man tillv\u00e4ga om fiber eller tv inte fungerar?<\/h2>\n\n\n\n<p>Steg ett \u00e4r att testa att starta om all utrustning. F\u00f6ljande <a href=\"http:\/\/sundalsryr.se\/?page_id=5723\" data-type=\"page\" data-id=\"5723\">l\u00e4nk<\/a> \u00e4r en lathund f\u00f6r hur man g\u00f6r.<\/p>\n\n\n\n<p>Om fiber eller tv fortfarande inte fungerar ringer du som kund till Telia p\u00e5 telefonnummer <strong>020-20 20 70<\/strong>.<\/p>\n\n\n\n<p>Du som kund beh\u00f6ver f\u00f6rklara f\u00f6ljande:&nbsp;<\/p>\n\n\n\n<ul class=\"wp-block-list\">\n<li>att din fastighet ing\u00e5r i en samf\u00e4llighetsf\u00f6rening.<\/li>\n\n\n\n<li>att f\u00f6reningen har ett avtal med Telia.<\/li>\n\n\n\n<li>att du som kund har r\u00e4tt att byta ut trasig utrustning utan kostnad.<\/li>\n<\/ul>\n\n\n\n<p><\/p>\n\n\n\n<h2 class=\"wp-block-heading\">Hur g\u00e5r jag tillv\u00e4ga om min vattenm\u00e4tare har frusit s\u00f6nder?<\/h2>\n\n\n<div class=\"wp-block-image\">\n<figure class=\"alignright size-large is-resized\"><a href=\"http:\/\/sundalsryr.se\/wp-content\/uploads\/2023\/08\/image.png\"><img loading=\"lazy\" decoding=\"async\" width=\"768\" height=\"1024\" src=\"http:\/\/sundalsryr.se\/wp-content\/uploads\/2023\/08\/image-768x1024.png\" alt=\"\" class=\"wp-image-5751\" style=\"width:126px;height:168px\" srcset=\"https:\/\/sundalsryr.se\/wp-content\/uploads\/2023\/08\/image-768x1024.png 768w, https:\/\/sundalsryr.se\/wp-content\/uploads\/2023\/08\/image-225x300.png 225w, https:\/\/sundalsryr.se\/wp-content\/uploads\/2023\/08\/image-1152x1536.png 1152w, https:\/\/sundalsryr.se\/wp-content\/uploads\/2023\/08\/image-1536x2048.png 1536w, https:\/\/sundalsryr.se\/wp-content\/uploads\/2023\/08\/image-300x400.png 300w, https:\/\/sundalsryr.se\/wp-content\/uploads\/2023\/08\/image-850x1133.png 850w\" sizes=\"(max-width: 768px) 100vw, 768px\" \/><\/a><\/figure><\/div>\n\n\n<p>Om det l\u00e4cker vatten beh\u00f6ver man f\u00f6rst st\u00e4nga av inkommande vatten genom att vrida p\u00e5 kranen se bild <\/p>\n\n\n\n<p>Kontakta sedan vattenansvarig eller n\u00e5gon annan i styrelsen. <a href=\"http:\/\/sundalsryr.se\/?page_id=5714\" data-type=\"page\" data-id=\"5714\">L\u00e4nk<\/a><br>Eventuella kostnader vid byte av m\u00e4tare st\u00e5r kunden f\u00f6r.<\/p>\n\n\n\n<p><\/p>\n\n\n\n<p><\/p>\n\n\n\n<p><\/p>\n\n\n\n<p>.<\/p>\n\n\n\n<p><\/p>\n\n\n\n<p><\/p>\n\n\n\n<p><\/p>\n\n\n\n<h2 class=\"wp-block-heading\">Vad g\u00e4ller f\u00f6r kommunalt vatten vid djurh\u00e5llning?<\/h2>\n\n\n\n<p>Om dina djur dricker ur hink som inte \u00e4r direktansluten till kran, \u00e4r det okej.<\/p>\n\n\n\n<p>Direktanslutning kr\u00e4ver \u00e5terstr\u00f6mningsskydd<\/p>\n\n\n\n<p><\/p>\n\n\n\n<h2 class=\"wp-block-heading\">Hur tar jag reda p\u00e5 var ledningarna g\u00e5r om jag ska gr\u00e4va p\u00e5 mina marker?<\/h2>\n\n\n\n<p><a rel=\"noreferrer noopener\" href=\"https:\/\/ledningskollen.se\/\" target=\"_blank\">ledningskollen.se<\/a><\/p>\n\n\n\n<p><\/p>\n\n\n\n<h2 class=\"wp-block-heading\">Kan jag g\u00e5 ur vatten- och fiberf\u00f6reningen?<\/h2>\n\n\n\n<p>Nej<\/p>\n\n\n\n<p>V\u00e5r f\u00f6rening \u00e4r en samf\u00e4llighetsf\u00f6rening, vilket inneb\u00e4r att det \u00e4r fastigheten som blir kund och inte du som person. <a rel=\"noreferrer noopener\" href=\"https:\/\/www.verksamt.se\/starta\/valj-foretagsform\/samfallighetsforening?fbclid=IwAR0ogND65nlApGlC8mMNgleGvwLguXsim8wtNocLxz7htCLf1w1bn77tvq8\" target=\"_blank\">H\u00e4r kan du l\u00e4sa mer om vad det inneb\u00e4r<\/a>.<\/p>\n\n\n\n<p><\/p>\n\n\n\n<h2 class=\"wp-block-heading\">Kan mark\u00e4gare f\u00e5 ers\u00e4ttning i samband med t\u00e4ckdikning?<\/h2>\n\n\n\n<p>Mark\u00e4gare kan s\u00f6ka ers\u00e4ttning i samband med t\u00e4ckdikning p\u00e5 1200kr per korsning\/gr\u00e4vning, d\u00e5 det beh\u00f6vs gr\u00e4vas extra f\u00f6r att inte gr\u00e4va av fiberkabel. Viktigt att mark\u00e4gare har underlag f\u00f6r detta.<\/p>\n\n\n\n<p>Du kontaktar d\u00e5 styrelsen p\u00e5 v\u00e5r mail: <a href=\"mailto:sundalsryr.vattenbredband@gmail.com\">sundalsryr.vattenbredband@gmail.com<\/a>&nbsp;<\/p>\n","protected":false},"excerpt":{"rendered":"<p>Hur g\u00e5r man tillv\u00e4ga vid \u00e4garbyte av fastigheten? S\u00e4ljare i samr\u00e5d med k\u00f6pare g\u00e5r in p\u00e5 fliken \u201c\u00c4garbyte\u201d och fyller i de uppgifter som vi i styrelsen beh\u00f6ver f\u00f6r att kunna \u00e4ndra kund. L\u00e4nk till \u201c\u00c4garbyte\u201dFakturering till ny kund sker f\u00f6rst d\u00e5 s\u00e4ljaren av fastigheten meddelat och registreringen har skett i systemet. De fakturor som&#8230;<\/p>\n","protected":false},"author":9,"featured_media":0,"parent":4630,"menu_order":5,"comment_status":"closed","ping_status":"closed","template":"","meta":{"_monsterinsights_skip_tracking":false,"_monsterinsights_sitenote_active":false,"_monsterinsights_sitenote_note":"","_monsterinsights_sitenote_category":0,"footnotes":""},"class_list":["post-5710","page","type-page","status-publish","hentry"],"_links":{"self":[{"href":"https:\/\/sundalsryr.se\/index.php?rest_route=\/wp\/v2\/pages\/5710"}],"collection":[{"href":"https:\/\/sundalsryr.se\/index.php?rest_route=\/wp\/v2\/pages"}],"about":[{"href":"https:\/\/sundalsryr.se\/index.php?rest_route=\/wp\/v2\/types\/page"}],"author":[{"embeddable":true,"href":"https:\/\/sundalsryr.se\/index.php?rest_route=\/wp\/v2\/users\/9"}],"replies":[{"embeddable":true,"href":"https:\/\/sundalsryr.se\/index.php?rest_route=%2Fwp%2Fv2%2Fcomments&post=5710"}],"version-history":[{"count":18,"href":"https:\/\/sundalsryr.se\/index.php?rest_route=\/wp\/v2\/pages\/5710\/revisions"}],"predecessor-version":[{"id":6136,"href":"https:\/\/sundalsryr.se\/index.php?rest_route=\/wp\/v2\/pages\/5710\/revisions\/6136"}],"up":[{"embeddable":true,"href":"https:\/\/sundalsryr.se\/index.php?rest_route=\/wp\/v2\/pages\/4630"}],"wp:attachment":[{"href":"https:\/\/sundalsryr.se\/index.php?rest_route=%2Fwp%2Fv2%2Fmedia&parent=5710"}],"curies":[{"name":"wp","href":"https:\/\/api.w.org\/{rel}","templated":true}]}}